{"id":102,"date":"2024-08-02T12:55:39","date_gmt":"2024-08-02T10:55:39","guid":{"rendered":"https:\/\/p60.es\/?page_id=102"},"modified":"2025-04-08T18:57:47","modified_gmt":"2025-04-08T16:57:47","slug":"asesoria-laboral","status":"publish","type":"page","link":"https:\/\/p60.es\/en\/asesoria-laboral\/","title":{"rendered":"Labour"},"content":{"rendered":"<p>[et_pb_section fb_built=\u00bb1&#8243; next_background_color=\u00bb#ffffff\u00bb _builder_version=\u00bb4.27.0&#8243; _module_preset=\u00bbdefault\u00bb background_enable_color=\u00bboff\u00bb use_background_color_gradient=\u00bbon\u00bb background_color_gradient_direction=\u00bb90deg\u00bb background_color_gradient_stops=\u00bbrgba(0,0,0,0.5) 0%|rgba(255,255,255,0) 100%\u00bb background_image=\u00bbhttps:\/\/p60.es\/wp-content\/uploads\/2024\/08\/servicio-asesoria-laboral-2.jpg\u00bb background_blend=\u00bboverlay\u00bb min_height=\u00bb70vh\u00bb bottom_divider_style=\u00bbcurve2&#8243; bottom_divider_height=\u00bb30px\u00bb global_colors_info=\u00bb{}\u00bb][et_pb_row column_structure=\u00bb3_5,2_5&#8243; make_equal=\u00bbon\u00bb _builder_version=\u00bb4.27.0&#8243; _module_preset=\u00bbdefault\u00bb min_height=\u00bb65vh\u00bb global_colors_info=\u00bb{}\u00bb][et_pb_column type=\u00bb3_5&#8243; _builder_version=\u00bb4.27.0&#8243; _module_preset=\u00bbdefault\u00bb custom_padding=\u00bb||||false|false\u00bb custom_css_main_element=\u00bbmargin: auto;\u00bb global_colors_info=\u00bb{}\u00bb][et_pb_text _builder_version=\u00bb4.27.0&#8243; _module_preset=\u00bbdefault\u00bb text_font=\u00bb|600|||||||\u00bb text_text_color=\u00bb#F5F5F5&#8243; text_font_size=\u00bb1rem\u00bb text_line_height=\u00bb1.6rem\u00bb header_font=\u00bb|600|||||||\u00bb header_font_size=\u00bb3rem\u00bb header_line_height=\u00bb3.4rem\u00bb background_layout=\u00bbdark\u00bb global_colors_info=\u00bb{}\u00bb]<\/p>\n<p>Oficinas en Mijas Costa y Torremolinos<\/p>\n<h1>Asesor\u00eda Laboral<\/h1>\n<p>[\/et_pb_text][et_pb_button button_url=\u00bb#detalles\u00bb button_text=\u00bbSaber m\u00e1s\u00bb _builder_version=\u00bb4.27.0&#8243; _module_preset=\u00bbdefault\u00bb global_colors_info=\u00bb{}\u00bb][\/et_pb_button][\/et_pb_column][et_pb_column type=\u00bb2_5&#8243; _builder_version=\u00bb4.27.0&#8243; _module_preset=\u00bbdefault\u00bb global_colors_info=\u00bb{}\u00bb][\/et_pb_column][\/et_pb_row][\/et_pb_section][et_pb_section fb_built=\u00bb1&#8243; module_id=\u00bbdetalles\u00bb _builder_version=\u00bb4.27.0&#8243; _module_preset=\u00bbdefault\u00bb custom_padding=\u00bb5vh||5vh||true|false\u00bb global_colors_info=\u00bb{}\u00bb][et_pb_row _builder_version=\u00bb4.27.0&#8243; _module_preset=\u00bbdefault\u00bb global_colors_info=\u00bb{}\u00bb][et_pb_column type=\u00bb4_4&#8243; _builder_version=\u00bb4.27.0&#8243; _module_preset=\u00bbdefault\u00bb global_colors_info=\u00bb{}\u00bb][et_pb_text _builder_version=\u00bb4.27.4&#8243; _module_preset=\u00bbdefault\u00bb hover_enabled=\u00bb0&#8243; global_colors_info=\u00bb{}\u00bb sticky_enabled=\u00bb0&#8243;]<\/p>\n<p>El servicio de asesor\u00eda laboral abarca un amplio abanico de necesidades para cualquier pyme o aut\u00f3nomo. Nuestro compromiso es asegurar el cumplimiento de todas las normativas laborales vigentes y optimizar la gesti\u00f3n de recursos humanos.<\/p>\n<p>&nbsp;<\/p>\n<ul>\n<li>Alta Seguridad Social.<\/li>\n<li>Estudio y confecci\u00f3n de contratos.<\/li>\n<li>Apertura del Centro de Trabajo.<\/li>\n<li>Confecci\u00f3n de n\u00f3mina mensual.<\/li>\n<li>Confecci\u00f3n seguros sociales mensuales.<\/li>\n<li>Modificaciones de contratos: pr\u00f3rrogas, subrogaciones, ampliaci\u00f3n\/ reducci\u00f3n de jornada.<\/li>\n<li>Tramitaci\u00f3n de partes de accidentes de trabajo y enfermedad profesional.<\/li>\n<li>Finiquitos.<\/li>\n<li>Remesa de n\u00f3minas.<\/li>\n<li>Asesoramiento en materia de Prevenci\u00f3n de Riesgos Laborales.<\/li>\n<li>Pagas extras.<\/li>\n<li>Confecci\u00f3n modelo 111 declaraci\u00f3n trimestral.<\/li>\n<li>Confecci\u00f3n modelo 190 resumen anual.<\/li>\n<li>Incapacidad temporal, invalidez y jubilaciones.<\/li>\n<li>Actos de conciliaci\u00f3n.<\/li>\n<li>Inspecciones de trabajo.<\/li>\n<li>Recursos y procedimientos ante la Administraci\u00f3n.<\/li>\n<li>Base de datos de jurisprudencia y Convenios Laborales.<\/li>\n<li>Reestructuraciones.<\/li>\n<li>Negociaci\u00f3n colectiva.<\/li>\n<li>Asesoramiento en materia de Prevenci\u00f3n de riesgos laborales.<\/li>\n<li>Registro retributivo.<\/li>\n<li>Protocolo de acoso.<\/li>\n<li>Asesoramiento sobre seguros de accidente por convenio.<\/li>\n<li>Embargos salariales.<\/li>\n<li>Desconexi\u00f3n digital.<\/li>\n<li>Asesoramiento en Reglamento de protecci\u00f3n de datos.<\/li>\n<\/ul>\n<p>[\/et_pb_text][\/et_pb_column][\/et_pb_row][\/et_pb_section]<\/p>\n","protected":false},"excerpt":{"rendered":"<p>Oficinas en Mijas Costa y Torremolinos Asesor\u00eda LaboralEl servicio de asesor\u00eda laboral abarca un amplio abanico de necesidades para cualquier pyme o aut\u00f3nomo. Nuestro compromiso es asegurar el cumplimiento de todas las normativas laborales vigentes y optimizar la gesti\u00f3n de recursos humanos. &nbsp; Alta Seguridad Social. Estudio y confecci\u00f3n de contratos. Apertura del Centro de [&hellip;]<\/p>\n","protected":false},"author":1,"featured_media":0,"parent":0,"menu_order":0,"comment_status":"closed","ping_status":"closed","template":"","meta":{"_et_pb_use_builder":"on","_et_pb_old_content":"","_et_gb_content_width":"","footnotes":""},"class_list":["post-102","page","type-page","status-publish","hentry"],"_links":{"self":[{"href":"https:\/\/p60.es\/en\/wp-json\/wp\/v2\/pages\/102","targetHints":{"allow":["GET"]}}],"collection":[{"href":"https:\/\/p60.es\/en\/wp-json\/wp\/v2\/pages"}],"about":[{"href":"https:\/\/p60.es\/en\/wp-json\/wp\/v2\/types\/page"}],"author":[{"embeddable":true,"href":"https:\/\/p60.es\/en\/wp-json\/wp\/v2\/users\/1"}],"replies":[{"embeddable":true,"href":"https:\/\/p60.es\/en\/wp-json\/wp\/v2\/comments?post=102"}],"version-history":[{"count":4,"href":"https:\/\/p60.es\/en\/wp-json\/wp\/v2\/pages\/102\/revisions"}],"predecessor-version":[{"id":198,"href":"https:\/\/p60.es\/en\/wp-json\/wp\/v2\/pages\/102\/revisions\/198"}],"wp:attachment":[{"href":"https:\/\/p60.es\/en\/wp-json\/wp\/v2\/media?parent=102"}],"curies":[{"name":"wp","href":"https:\/\/api.w.org\/{rel}","templated":true}]}}